{"id":72,"date":"2024-10-30T10:26:44","date_gmt":"2024-10-30T09:26:44","guid":{"rendered":"https:\/\/lamaquia.cat\/cat\/?post_type=tribe_events&#038;p=72"},"modified":"2024-11-06T10:03:22","modified_gmt":"2024-11-06T09:03:22","slug":"jornadas-mujeres-mas-alla-de-las-armas-v","status":"publish","type":"tribe_events","link":"https:\/\/lamaquia.cat\/cas\/calendario\/jornadas-mujeres-mas-alla-de-las-armas-v\/","title":{"rendered":"JORNADAS MUJERES M\u00c1S ALL\u00c1 DE LAS ARMAS V"},"content":{"rendered":"","protected":false},"excerpt":{"rendered":"","protected":false},"author":1,"featured_media":0,"comment_status":"open","ping_status":"closed","template":"","meta":{"saved_in_kubio":false,"_tribe_events_status":"","_tribe_events_status_reason":"","footnotes":""},"tags":[],"tribe_events_cat":[],"class_list":["post-72","tribe_events","type-tribe_events","status-publish","hentry"],"yoast_head":"<!-- This site is optimized with the Yoast SEO plugin v23.7 - https:\/\/yoast.com\/wordpress\/plugins\/seo\/ -->\n<title>JORNADAS MUJERES M\u00c1S ALL\u00c1 DE LAS ARMAS V - La Maquia<\/title>\n<meta name=\"robots\" content=\"index, follow, max-snippet:-1, max-image-preview:large, max-video-preview:-1\" \/>\n<link rel=\"canonical\" href=\"https:\/\/lamaquia.cat\/cas\/calendari\/jornadas-mujeres-mas-alla-de-las-armas-v\/\" \/>\n<meta property=\"og:locale\" content=\"es_ES\" \/>\n<meta property=\"og:type\" content=\"article\" \/>\n<meta property=\"og:title\" content=\"JORNADAS MUJERES M\u00c1S ALL\u00c1 DE LAS ARMAS V - La Maquia\" \/>\n<meta property=\"og:url\" content=\"https:\/\/lamaquia.cat\/cas\/calendari\/jornadas-mujeres-mas-alla-de-las-armas-v\/\" \/>\n<meta property=\"og:site_name\" content=\"La Maquia\" \/>\n<meta property=\"article:modified_time\" content=\"2024-11-06T09:03:22+00:00\" \/>\n<meta property=\"og:image\" content=\"https:\/\/lamaquia.cat\/cas\/wp-content\/uploads\/sites\/2\/2024\/10\/Logo-La-Maquia_Fucsia_Web.png\" \/>\n\t<meta property=\"og:image:width\" content=\"512\" \/>\n\t<meta property=\"og:image:height\" content=\"512\" \/>\n\t<meta property=\"og:image:type\" content=\"image\/png\" \/>\n<meta name=\"twitter:card\" content=\"summary_large_image\" \/>\n<meta name=\"twitter:site\" content=\"@azadijin_cat\" \/>\n<script type=\"application\/ld+json\" class=\"yoast-schema-graph\">{\"@context\":\"https:\/\/schema.org\",\"@graph\":[{\"@type\":\"WebPage\",\"@id\":\"https:\/\/lamaquia.cat\/cas\/calendari\/jornadas-mujeres-mas-alla-de-las-armas-v\/\",\"url\":\"https:\/\/lamaquia.cat\/cas\/calendari\/jornadas-mujeres-mas-alla-de-las-armas-v\/\",\"name\":\"JORNADAS MUJERES M\u00c1S ALL\u00c1 DE LAS ARMAS V - La Maquia\",\"isPartOf\":{\"@id\":\"https:\/\/lamaquia.cat\/cas\/#website\"},\"datePublished\":\"2024-10-30T09:26:44+00:00\",\"dateModified\":\"2024-11-06T09:03:22+00:00\",\"breadcrumb\":{\"@id\":\"https:\/\/lamaquia.cat\/cas\/calendari\/jornadas-mujeres-mas-alla-de-las-armas-v\/#breadcrumb\"},\"inLanguage\":\"es\",\"potentialAction\":[{\"@type\":\"ReadAction\",\"target\":[\"https:\/\/lamaquia.cat\/cas\/calendari\/jornadas-mujeres-mas-alla-de-las-armas-v\/\"]}]},{\"@type\":\"BreadcrumbList\",\"@id\":\"https:\/\/lamaquia.cat\/cas\/calendari\/jornadas-mujeres-mas-alla-de-las-armas-v\/#breadcrumb\",\"itemListElement\":[{\"@type\":\"ListItem\",\"position\":1,\"name\":\"LaMaquia\",\"item\":\"https:\/\/lamaquia.cat\/cas\/\"},{\"@type\":\"ListItem\",\"position\":2,\"name\":\"Eventos\",\"item\":\"https:\/\/lamaquia.cat\/cas\/calendari\/\"},{\"@type\":\"ListItem\",\"position\":3,\"name\":\"JORNADAS MUJERES M\u00c1S ALL\u00c1 DE LAS ARMAS V\"}]},{\"@type\":\"WebSite\",\"@id\":\"https:\/\/lamaquia.cat\/cas\/#website\",\"url\":\"https:\/\/lamaquia.cat\/cas\/\",\"name\":\"La Maquia\",\"description\":\"P\u00e1gina web de la organizaci\u00f3n La M\u00e0quia Azadi jin\",\"publisher\":{\"@id\":\"https:\/\/lamaquia.cat\/cas\/#organization\"},\"potentialAction\":[{\"@type\":\"SearchAction\",\"target\":{\"@type\":\"EntryPoint\",\"urlTemplate\":\"https:\/\/lamaquia.cat\/cas\/?s={search_term_string}\"},\"query-input\":{\"@type\":\"PropertyValueSpecification\",\"valueRequired\":true,\"valueName\":\"search_term_string\"}}],\"inLanguage\":\"es\"},{\"@type\":\"Organization\",\"@id\":\"https:\/\/lamaquia.cat\/cas\/#organization\",\"name\":\"La Maquia\",\"url\":\"https:\/\/lamaquia.cat\/cas\/\",\"logo\":{\"@type\":\"ImageObject\",\"inLanguage\":\"es\",\"@id\":\"https:\/\/lamaquia.cat\/cas\/#\/schema\/logo\/image\/\",\"url\":\"https:\/\/lamaquia.cat\/cas\/wp-content\/uploads\/sites\/2\/2024\/10\/Logo-La-Maquia_Fucsia_Web.png\",\"contentUrl\":\"https:\/\/lamaquia.cat\/cas\/wp-content\/uploads\/sites\/2\/2024\/10\/Logo-La-Maquia_Fucsia_Web.png\",\"width\":512,\"height\":512,\"caption\":\"La Maquia\"},\"image\":{\"@id\":\"https:\/\/lamaquia.cat\/cas\/#\/schema\/logo\/image\/\"},\"sameAs\":[\"https:\/\/x.com\/azadijin_cat\",\"https:\/\/www.instagram.com\/la.maquia\/\"]}]}<\/script>\n<!-- \/ Yoast SEO plugin. -->","yoast_head_json":{"title":"JORNADAS MUJERES M\u00c1S ALL\u00c1 DE LAS ARMAS V - La Maquia","robots":{"index":"index","follow":"follow","max-snippet":"max-snippet:-1","max-image-preview":"max-image-preview:large","max-video-preview":"max-video-preview:-1"},"canonical":"https:\/\/lamaquia.cat\/cas\/calendari\/jornadas-mujeres-mas-alla-de-las-armas-v\/","og_locale":"es_ES","og_type":"article","og_title":"JORNADAS MUJERES M\u00c1S ALL\u00c1 DE LAS ARMAS V - La Maquia","og_url":"https:\/\/lamaquia.cat\/cas\/calendari\/jornadas-mujeres-mas-alla-de-las-armas-v\/","og_site_name":"La Maquia","article_modified_time":"2024-11-06T09:03:22+00:00","og_image":[{"width":512,"height":512,"url":"https:\/\/lamaquia.cat\/cas\/wp-content\/uploads\/sites\/2\/2024\/10\/Logo-La-Maquia_Fucsia_Web.png","type":"image\/png"}],"twitter_card":"summary_large_image","twitter_site":"@azadijin_cat","schema":{"@context":"https:\/\/schema.org","@graph":[{"@type":"WebPage","@id":"https:\/\/lamaquia.cat\/cas\/calendari\/jornadas-mujeres-mas-alla-de-las-armas-v\/","url":"https:\/\/lamaquia.cat\/cas\/calendari\/jornadas-mujeres-mas-alla-de-las-armas-v\/","name":"JORNADAS MUJERES M\u00c1S ALL\u00c1 DE LAS ARMAS V - La Maquia","isPartOf":{"@id":"https:\/\/lamaquia.cat\/cas\/#website"},"datePublished":"2024-10-30T09:26:44+00:00","dateModified":"2024-11-06T09:03:22+00:00","breadcrumb":{"@id":"https:\/\/lamaquia.cat\/cas\/calendari\/jornadas-mujeres-mas-alla-de-las-armas-v\/#breadcrumb"},"inLanguage":"es","potentialAction":[{"@type":"ReadAction","target":["https:\/\/lamaquia.cat\/cas\/calendari\/jornadas-mujeres-mas-alla-de-las-armas-v\/"]}]},{"@type":"BreadcrumbList","@id":"https:\/\/lamaquia.cat\/cas\/calendari\/jornadas-mujeres-mas-alla-de-las-armas-v\/#breadcrumb","itemListElement":[{"@type":"ListItem","position":1,"name":"LaMaquia","item":"https:\/\/lamaquia.cat\/cas\/"},{"@type":"ListItem","position":2,"name":"Eventos","item":"https:\/\/lamaquia.cat\/cas\/calendari\/"},{"@type":"ListItem","position":3,"name":"JORNADAS MUJERES M\u00c1S ALL\u00c1 DE LAS ARMAS V"}]},{"@type":"WebSite","@id":"https:\/\/lamaquia.cat\/cas\/#website","url":"https:\/\/lamaquia.cat\/cas\/","name":"La Maquia","description":"P\u00e1gina web de la organizaci\u00f3n La M\u00e0quia Azadi jin","publisher":{"@id":"https:\/\/lamaquia.cat\/cas\/#organization"},"potentialAction":[{"@type":"SearchAction","target":{"@type":"EntryPoint","urlTemplate":"https:\/\/lamaquia.cat\/cas\/?s={search_term_string}"},"query-input":{"@type":"PropertyValueSpecification","valueRequired":true,"valueName":"search_term_string"}}],"inLanguage":"es"},{"@type":"Organization","@id":"https:\/\/lamaquia.cat\/cas\/#organization","name":"La Maquia","url":"https:\/\/lamaquia.cat\/cas\/","logo":{"@type":"ImageObject","inLanguage":"es","@id":"https:\/\/lamaquia.cat\/cas\/#\/schema\/logo\/image\/","url":"https:\/\/lamaquia.cat\/cas\/wp-content\/uploads\/sites\/2\/2024\/10\/Logo-La-Maquia_Fucsia_Web.png","contentUrl":"https:\/\/lamaquia.cat\/cas\/wp-content\/uploads\/sites\/2\/2024\/10\/Logo-La-Maquia_Fucsia_Web.png","width":512,"height":512,"caption":"La Maquia"},"image":{"@id":"https:\/\/lamaquia.cat\/cas\/#\/schema\/logo\/image\/"},"sameAs":["https:\/\/x.com\/azadijin_cat","https:\/\/www.instagram.com\/la.maquia\/"]}]}},"_links":{"self":[{"href":"https:\/\/lamaquia.cat\/cas\/wp-json\/wp\/v2\/tribe_events\/72","targetHints":{"allow":["GET"]}}],"collection":[{"href":"https:\/\/lamaquia.cat\/cas\/wp-json\/wp\/v2\/tribe_events"}],"about":[{"href":"https:\/\/lamaquia.cat\/cas\/wp-json\/wp\/v2\/types\/tribe_events"}],"author":[{"embeddable":true,"href":"https:\/\/lamaquia.cat\/cas\/wp-json\/wp\/v2\/users\/1"}],"replies":[{"embeddable":true,"href":"https:\/\/lamaquia.cat\/cas\/wp-json\/wp\/v2\/comments?post=72"}],"version-history":[{"count":4,"href":"https:\/\/lamaquia.cat\/cas\/wp-json\/wp\/v2\/tribe_events\/72\/revisions"}],"predecessor-version":[{"id":304,"href":"https:\/\/lamaquia.cat\/cas\/wp-json\/wp\/v2\/tribe_events\/72\/revisions\/304"}],"wp:attachment":[{"href":"https:\/\/lamaquia.cat\/cas\/wp-json\/wp\/v2\/media?parent=72"}],"wp:term":[{"taxonomy":"post_tag","embeddable":true,"href":"https:\/\/lamaquia.cat\/cas\/wp-json\/wp\/v2\/tags?post=72"},{"taxonomy":"tribe_events_cat","embeddable":true,"href":"https:\/\/lamaquia.cat\/cas\/wp-json\/wp\/v2\/tribe_events_cat?post=72"}],"curies":[{"name":"wp","href":"https:\/\/api.w.org\/{rel}","templated":true}]}}